{"id":1241,"date":"2020-11-26T10:08:33","date_gmt":"2020-11-26T08:08:33","guid":{"rendered":"https:\/\/pottu.iwn.co\/yritys\/yhteystiedot\/"},"modified":"2024-01-11T18:36:09","modified_gmt":"2024-01-11T16:36:09","slug":"yhteystiedot","status":"publish","type":"page","link":"https:\/\/www.myllymaenperuna.fi\/sv\/yritys\/yhteystiedot\/","title":{"rendered":"Kontaktuppgifter"},"content":{"rendered":"\n<div class=\"wp-block-columns is-layout-flex wp-container-core-columns-is-layout-9d6595d7 wp-block-columns-is-layout-flex\">\n<div class=\"wp-block-column is-layout-flow wp-block-column-is-layout-flow\">\n<figure class=\"wp-block-image size-large\"><img loading=\"lazy\" decoding=\"async\" width=\"559\" height=\"447\" src=\"https:\/\/www.myllymaenperuna.fi\/wp-content\/uploads\/2021\/02\/thumbnail_Timo-netti.jpg\" alt=\"\" class=\"wp-image-1605\" srcset=\"https:\/\/www.myllymaenperuna.fi\/wp-content\/uploads\/2021\/02\/thumbnail_Timo-netti.jpg 559w, https:\/\/www.myllymaenperuna.fi\/wp-content\/uploads\/2021\/02\/thumbnail_Timo-netti-300x240.jpg 300w\" sizes=\"auto, (max-width: 559px) 100vw, 559px\" \/><figcaption class=\"wp-element-caption\">Timo Myllym\u00e4ki<br>Ring och fr\u00e5ga om sorterna, jag ber\u00e4ttar g\u00e4rna vilken sort som passar dig.<\/figcaption><\/figure>\n<\/div>\n\n\n\n<div class=\"wp-block-column is-layout-flow wp-block-column-is-layout-flow\">\n<figure class=\"wp-block-image size-large\"><img loading=\"lazy\" decoding=\"async\" width=\"559\" height=\"447\" src=\"https:\/\/www.myllymaenperuna.fi\/wp-content\/uploads\/2021\/02\/thumbnail_Virpi-netti.jpg\" alt=\"\" class=\"wp-image-1608\" srcset=\"https:\/\/www.myllymaenperuna.fi\/wp-content\/uploads\/2021\/02\/thumbnail_Virpi-netti.jpg 559w, https:\/\/www.myllymaenperuna.fi\/wp-content\/uploads\/2021\/02\/thumbnail_Virpi-netti-300x240.jpg 300w\" sizes=\"auto, (max-width: 559px) 100vw, 559px\" \/><figcaption class=\"wp-element-caption\">Virpi Myllym\u00e4ki<br>L\u00e5t oss veta din kontaktinformation om du vill att vi ska skicka dig, v\u00e5r kundtidning eller erbjudanden om uts\u00e4despotatis.<\/figcaption><\/figure>\n<\/div>\n<\/div>\n\n\n\n<div class=\"wp-block-columns is-layout-flex wp-container-core-columns-is-layout-9d6595d7 wp-block-columns-is-layout-flex\">\n<div class=\"wp-block-column is-layout-flow wp-block-column-is-layout-flow\">\n<p><strong>Myllym\u00e4en Peruna Oy<\/strong><\/p>\n\n\n\n<p>P\u00e4nt\u00e4neentie 743<\/p>\n\n\n\n<p>61980 P\u00e4nt\u00e4ne (Kauhajoki)<\/p>\n\n\n\n<p><a href=\"http:\/\/www.perunansiemen.fi\">www.myllym\u00e4enperuna.fi<\/a><\/p>\n\n\n\n<p><\/p>\n\n\n\n<p>Y-tunnus: 2264337-3&nbsp;<\/p>\n\n\n\n<p>F\u00f6rs\u00e4ljning \/ odlingsr\u00e5d \/ logistik: Timo Myllym\u00e4ki 040-5066638, timo@myllymaenperuna.fi <\/p>\n\n\n\n<p>F\u00f6rs\u00e4ljning\/marknadsf\u00f6ring: Virpi Myllym\u00e4ki 0400-701250, virpi(at)myllymaenperuna.fi<\/p>\n\n\n\n<p><strong>Potatisf\u00f6rvaringsadress<\/strong> Nirvan-Kokontie 258, P\u00e4nt\u00e4ne&nbsp;&nbsp;&nbsp;&nbsp;&nbsp;&nbsp;&nbsp;&nbsp;&nbsp;&nbsp;&nbsp;&nbsp;&nbsp;&nbsp;&nbsp;&nbsp;&nbsp;&nbsp;&nbsp;&nbsp;&nbsp;&nbsp;&nbsp;&nbsp;&nbsp;&nbsp;&nbsp;&nbsp;&nbsp;&nbsp;<\/p>\n\n\n\n<p>Ring och fr\u00e5ga om sorterna, jag ber\u00e4ttar g\u00e4rna vilken sort som passar dig.<\/p>\n\n\n\n<p>Meddela oss dina kontaktuppgifter om du vill att vi ska maila, v\u00e5r kundtidning eller erbjudanden om uts\u00e4despotatis.<\/p>\n<\/div>\n<\/div>\n\n\n\n<p><\/p>\n","protected":false},"excerpt":{"rendered":"<p>Myllym\u00e4en Peruna Oy P\u00e4nt\u00e4neentie 743 61980 P\u00e4nt\u00e4ne (Kauhajoki) www.myllym\u00e4enperuna.fi Y-tunnus: 2264337-3&nbsp; F\u00f6rs\u00e4ljning \/ odlingsr\u00e5d \/ logistik: Timo Myllym\u00e4ki 040-5066638, timo@myllymaenperuna.fi F\u00f6rs\u00e4ljning\/marknadsf\u00f6ring: Virpi Myllym\u00e4ki 0400-701250, virpi(at)myllymaenperuna.fi Potatisf\u00f6rvaringsadress Nirvan-Kokontie 258, P\u00e4nt\u00e4ne&nbsp;&nbsp;&nbsp;&nbsp;&nbsp;&nbsp;&nbsp;&nbsp;&nbsp;&nbsp;&nbsp;&nbsp;&nbsp;&nbsp;&nbsp;&nbsp;&nbsp;&nbsp;&nbsp;&nbsp;&nbsp;&nbsp;&nbsp;&nbsp;&nbsp;&nbsp;&nbsp;&nbsp;&nbsp;&nbsp; Ring och fr\u00e5ga om sorterna, jag ber\u00e4ttar g\u00e4rna vilken sort som passar dig. Meddela oss dina kontaktuppgifter om du vill att vi ska maila, v\u00e5r kundtidning [&hellip;]<\/p>\n","protected":false},"author":2,"featured_media":0,"parent":855,"menu_order":0,"comment_status":"closed","ping_status":"closed","template":"","meta":{"_genesis_hide_title":false,"_genesis_hide_breadcrumbs":false,"_genesis_hide_singular_image":false,"_genesis_hide_footer_widgets":false,"_genesis_custom_body_class":"","_genesis_custom_post_class":"","_genesis_layout":"","footnotes":""},"class_list":{"0":"post-1241","1":"page","2":"type-page","3":"status-publish","5":"entry"},"yoast_head":"<!-- This site is optimized with the Yoast SEO plugin v27.5 - https:\/\/yoast.com\/product\/yoast-seo-wordpress\/ -->\n<title>Kontaktuppgifter -<\/title>\n<meta name=\"robots\" content=\"index, follow, max-snippet:-1, max-image-preview:large, max-video-preview:-1\" \/>\n<link rel=\"canonical\" href=\"https:\/\/www.myllymaenperuna.fi\/sv\/yritys\/yhteystiedot\/\" \/>\n<meta property=\"og:locale\" content=\"sv_SE\" \/>\n<meta property=\"og:type\" content=\"article\" \/>\n<meta property=\"og:title\" content=\"Kontaktuppgifter -\" \/>\n<meta property=\"og:description\" content=\"Myllym\u00e4en Peruna Oy P\u00e4nt\u00e4neentie 743 61980 P\u00e4nt\u00e4ne (Kauhajoki) www.myllym\u00e4enperuna.fi Y-tunnus: 2264337-3&nbsp; F\u00f6rs\u00e4ljning \/ odlingsr\u00e5d \/ logistik: Timo Myllym\u00e4ki 040-5066638, timo@myllymaenperuna.fi F\u00f6rs\u00e4ljning\/marknadsf\u00f6ring: Virpi Myllym\u00e4ki 0400-701250, virpi(at)myllymaenperuna.fi Potatisf\u00f6rvaringsadress Nirvan-Kokontie 258, P\u00e4nt\u00e4ne&nbsp;&nbsp;&nbsp;&nbsp;&nbsp;&nbsp;&nbsp;&nbsp;&nbsp;&nbsp;&nbsp;&nbsp;&nbsp;&nbsp;&nbsp;&nbsp;&nbsp;&nbsp;&nbsp;&nbsp;&nbsp;&nbsp;&nbsp;&nbsp;&nbsp;&nbsp;&nbsp;&nbsp;&nbsp;&nbsp; Ring och fr\u00e5ga om sorterna, jag ber\u00e4ttar g\u00e4rna vilken sort som passar dig. Meddela oss dina kontaktuppgifter om du vill att vi ska maila, v\u00e5r kundtidning [&hellip;]\" \/>\n<meta property=\"og:url\" content=\"https:\/\/www.myllymaenperuna.fi\/sv\/yritys\/yhteystiedot\/\" \/>\n<meta property=\"article:modified_time\" content=\"2024-01-11T16:36:09+00:00\" \/>\n<meta property=\"og:image\" content=\"https:\/\/www.myllymaenperuna.fi\/wp-content\/uploads\/2021\/02\/thumbnail_Timo-netti.jpg\" \/>\n\t<meta property=\"og:image:width\" content=\"559\" \/>\n\t<meta property=\"og:image:height\" content=\"447\" \/>\n\t<meta property=\"og:image:type\" content=\"image\/jpeg\" \/>\n<meta name=\"twitter:card\" content=\"summary_large_image\" \/>\n<meta name=\"twitter:label1\" content=\"Ber\u00e4knad l\u00e4stid\" \/>\n\t<meta name=\"twitter:data1\" content=\"1 minut\" \/>\n<script type=\"application\/ld+json\" class=\"yoast-schema-graph\">{\"@context\":\"https:\\\/\\\/schema.org\",\"@graph\":[{\"@type\":\"WebPage\",\"@id\":\"https:\\\/\\\/www.myllymaenperuna.fi\\\/sv\\\/yritys\\\/yhteystiedot\\\/\",\"url\":\"https:\\\/\\\/www.myllymaenperuna.fi\\\/sv\\\/yritys\\\/yhteystiedot\\\/\",\"name\":\"Kontaktuppgifter -\",\"isPartOf\":{\"@id\":\"https:\\\/\\\/www.myllymaenperuna.fi\\\/#website\"},\"primaryImageOfPage\":{\"@id\":\"https:\\\/\\\/www.myllymaenperuna.fi\\\/sv\\\/yritys\\\/yhteystiedot\\\/#primaryimage\"},\"image\":{\"@id\":\"https:\\\/\\\/www.myllymaenperuna.fi\\\/sv\\\/yritys\\\/yhteystiedot\\\/#primaryimage\"},\"thumbnailUrl\":\"https:\\\/\\\/www.myllymaenperuna.fi\\\/wp-content\\\/uploads\\\/2021\\\/02\\\/thumbnail_Timo-netti.jpg\",\"datePublished\":\"2020-11-26T08:08:33+00:00\",\"dateModified\":\"2024-01-11T16:36:09+00:00\",\"breadcrumb\":{\"@id\":\"https:\\\/\\\/www.myllymaenperuna.fi\\\/sv\\\/yritys\\\/yhteystiedot\\\/#breadcrumb\"},\"inLanguage\":\"sv-SE\",\"potentialAction\":[{\"@type\":\"ReadAction\",\"target\":[\"https:\\\/\\\/www.myllymaenperuna.fi\\\/sv\\\/yritys\\\/yhteystiedot\\\/\"]}]},{\"@type\":\"ImageObject\",\"inLanguage\":\"sv-SE\",\"@id\":\"https:\\\/\\\/www.myllymaenperuna.fi\\\/sv\\\/yritys\\\/yhteystiedot\\\/#primaryimage\",\"url\":\"https:\\\/\\\/www.myllymaenperuna.fi\\\/wp-content\\\/uploads\\\/2021\\\/02\\\/thumbnail_Timo-netti.jpg\",\"contentUrl\":\"https:\\\/\\\/www.myllymaenperuna.fi\\\/wp-content\\\/uploads\\\/2021\\\/02\\\/thumbnail_Timo-netti.jpg\"},{\"@type\":\"BreadcrumbList\",\"@id\":\"https:\\\/\\\/www.myllymaenperuna.fi\\\/sv\\\/yritys\\\/yhteystiedot\\\/#breadcrumb\",\"itemListElement\":[{\"@type\":\"ListItem\",\"position\":1,\"name\":\"Etusivu\",\"item\":\"https:\\\/\\\/www.myllymaenperuna.fi\\\/sv\\\/utsadespotatis-nya-tillvaxt-potatis\\\/\"},{\"@type\":\"ListItem\",\"position\":2,\"name\":\"F\u00f6retag\",\"item\":\"https:\\\/\\\/www.myllymaenperuna.fi\\\/sv\\\/yritys\\\/\"},{\"@type\":\"ListItem\",\"position\":3,\"name\":\"Kontaktuppgifter\"}]},{\"@type\":\"WebSite\",\"@id\":\"https:\\\/\\\/www.myllymaenperuna.fi\\\/#website\",\"url\":\"https:\\\/\\\/www.myllymaenperuna.fi\\\/\",\"name\":\"Myllym\u00e4en Peruna\",\"description\":\"\",\"publisher\":{\"@id\":\"https:\\\/\\\/www.myllymaenperuna.fi\\\/#organization\"},\"potentialAction\":[{\"@type\":\"SearchAction\",\"target\":{\"@type\":\"EntryPoint\",\"urlTemplate\":\"https:\\\/\\\/www.myllymaenperuna.fi\\\/?s={search_term_string}\"},\"query-input\":{\"@type\":\"PropertyValueSpecification\",\"valueRequired\":true,\"valueName\":\"search_term_string\"}}],\"inLanguage\":\"sv-SE\"},{\"@type\":\"Organization\",\"@id\":\"https:\\\/\\\/www.myllymaenperuna.fi\\\/#organization\",\"name\":\"Myllym\u00e4en Peruna Oy\",\"url\":\"https:\\\/\\\/www.myllymaenperuna.fi\\\/\",\"logo\":{\"@type\":\"ImageObject\",\"inLanguage\":\"sv-SE\",\"@id\":\"https:\\\/\\\/www.myllymaenperuna.fi\\\/#\\\/schema\\\/logo\\\/image\\\/\",\"url\":\"https:\\\/\\\/www.myllymaenperuna.fi\\\/wp-content\\\/uploads\\\/2020\\\/11\\\/cropped-12047055_1707372999492603_8916973196134046991_n.jpg\",\"contentUrl\":\"https:\\\/\\\/www.myllymaenperuna.fi\\\/wp-content\\\/uploads\\\/2020\\\/11\\\/cropped-12047055_1707372999492603_8916973196134046991_n.jpg\",\"width\":760,\"height\":700,\"caption\":\"Myllym\u00e4en Peruna Oy\"},\"image\":{\"@id\":\"https:\\\/\\\/www.myllymaenperuna.fi\\\/#\\\/schema\\\/logo\\\/image\\\/\"}}]}<\/script>\n<!-- \/ Yoast SEO plugin. -->","yoast_head_json":{"title":"Kontaktuppgifter -","robots":{"index":"index","follow":"follow","max-snippet":"max-snippet:-1","max-image-preview":"max-image-preview:large","max-video-preview":"max-video-preview:-1"},"canonical":"https:\/\/www.myllymaenperuna.fi\/sv\/yritys\/yhteystiedot\/","og_locale":"sv_SE","og_type":"article","og_title":"Kontaktuppgifter -","og_description":"Myllym\u00e4en Peruna Oy P\u00e4nt\u00e4neentie 743 61980 P\u00e4nt\u00e4ne (Kauhajoki) www.myllym\u00e4enperuna.fi Y-tunnus: 2264337-3&nbsp; F\u00f6rs\u00e4ljning \/ odlingsr\u00e5d \/ logistik: Timo Myllym\u00e4ki 040-5066638, timo@myllymaenperuna.fi F\u00f6rs\u00e4ljning\/marknadsf\u00f6ring: Virpi Myllym\u00e4ki 0400-701250, virpi(at)myllymaenperuna.fi Potatisf\u00f6rvaringsadress Nirvan-Kokontie 258, P\u00e4nt\u00e4ne&nbsp;&nbsp;&nbsp;&nbsp;&nbsp;&nbsp;&nbsp;&nbsp;&nbsp;&nbsp;&nbsp;&nbsp;&nbsp;&nbsp;&nbsp;&nbsp;&nbsp;&nbsp;&nbsp;&nbsp;&nbsp;&nbsp;&nbsp;&nbsp;&nbsp;&nbsp;&nbsp;&nbsp;&nbsp;&nbsp; Ring och fr\u00e5ga om sorterna, jag ber\u00e4ttar g\u00e4rna vilken sort som passar dig. Meddela oss dina kontaktuppgifter om du vill att vi ska maila, v\u00e5r kundtidning [&hellip;]","og_url":"https:\/\/www.myllymaenperuna.fi\/sv\/yritys\/yhteystiedot\/","article_modified_time":"2024-01-11T16:36:09+00:00","og_image":[{"width":559,"height":447,"url":"https:\/\/www.myllymaenperuna.fi\/wp-content\/uploads\/2021\/02\/thumbnail_Timo-netti.jpg","type":"image\/jpeg"}],"twitter_card":"summary_large_image","twitter_misc":{"Ber\u00e4knad l\u00e4stid":"1 minut"},"schema":{"@context":"https:\/\/schema.org","@graph":[{"@type":"WebPage","@id":"https:\/\/www.myllymaenperuna.fi\/sv\/yritys\/yhteystiedot\/","url":"https:\/\/www.myllymaenperuna.fi\/sv\/yritys\/yhteystiedot\/","name":"Kontaktuppgifter -","isPartOf":{"@id":"https:\/\/www.myllymaenperuna.fi\/#website"},"primaryImageOfPage":{"@id":"https:\/\/www.myllymaenperuna.fi\/sv\/yritys\/yhteystiedot\/#primaryimage"},"image":{"@id":"https:\/\/www.myllymaenperuna.fi\/sv\/yritys\/yhteystiedot\/#primaryimage"},"thumbnailUrl":"https:\/\/www.myllymaenperuna.fi\/wp-content\/uploads\/2021\/02\/thumbnail_Timo-netti.jpg","datePublished":"2020-11-26T08:08:33+00:00","dateModified":"2024-01-11T16:36:09+00:00","breadcrumb":{"@id":"https:\/\/www.myllymaenperuna.fi\/sv\/yritys\/yhteystiedot\/#breadcrumb"},"inLanguage":"sv-SE","potentialAction":[{"@type":"ReadAction","target":["https:\/\/www.myllymaenperuna.fi\/sv\/yritys\/yhteystiedot\/"]}]},{"@type":"ImageObject","inLanguage":"sv-SE","@id":"https:\/\/www.myllymaenperuna.fi\/sv\/yritys\/yhteystiedot\/#primaryimage","url":"https:\/\/www.myllymaenperuna.fi\/wp-content\/uploads\/2021\/02\/thumbnail_Timo-netti.jpg","contentUrl":"https:\/\/www.myllymaenperuna.fi\/wp-content\/uploads\/2021\/02\/thumbnail_Timo-netti.jpg"},{"@type":"BreadcrumbList","@id":"https:\/\/www.myllymaenperuna.fi\/sv\/yritys\/yhteystiedot\/#breadcrumb","itemListElement":[{"@type":"ListItem","position":1,"name":"Etusivu","item":"https:\/\/www.myllymaenperuna.fi\/sv\/utsadespotatis-nya-tillvaxt-potatis\/"},{"@type":"ListItem","position":2,"name":"F\u00f6retag","item":"https:\/\/www.myllymaenperuna.fi\/sv\/yritys\/"},{"@type":"ListItem","position":3,"name":"Kontaktuppgifter"}]},{"@type":"WebSite","@id":"https:\/\/www.myllymaenperuna.fi\/#website","url":"https:\/\/www.myllymaenperuna.fi\/","name":"Myllym\u00e4en Peruna","description":"","publisher":{"@id":"https:\/\/www.myllymaenperuna.fi\/#organization"},"potentialAction":[{"@type":"SearchAction","target":{"@type":"EntryPoint","urlTemplate":"https:\/\/www.myllymaenperuna.fi\/?s={search_term_string}"},"query-input":{"@type":"PropertyValueSpecification","valueRequired":true,"valueName":"search_term_string"}}],"inLanguage":"sv-SE"},{"@type":"Organization","@id":"https:\/\/www.myllymaenperuna.fi\/#organization","name":"Myllym\u00e4en Peruna Oy","url":"https:\/\/www.myllymaenperuna.fi\/","logo":{"@type":"ImageObject","inLanguage":"sv-SE","@id":"https:\/\/www.myllymaenperuna.fi\/#\/schema\/logo\/image\/","url":"https:\/\/www.myllymaenperuna.fi\/wp-content\/uploads\/2020\/11\/cropped-12047055_1707372999492603_8916973196134046991_n.jpg","contentUrl":"https:\/\/www.myllymaenperuna.fi\/wp-content\/uploads\/2020\/11\/cropped-12047055_1707372999492603_8916973196134046991_n.jpg","width":760,"height":700,"caption":"Myllym\u00e4en Peruna Oy"},"image":{"@id":"https:\/\/www.myllymaenperuna.fi\/#\/schema\/logo\/image\/"}}]}},"featured_image_src":null,"featured_image_src_square":null,"_links":{"self":[{"href":"https:\/\/www.myllymaenperuna.fi\/sv\/wp-json\/wp\/v2\/pages\/1241","targetHints":{"allow":["GET"]}}],"collection":[{"href":"https:\/\/www.myllymaenperuna.fi\/sv\/wp-json\/wp\/v2\/pages"}],"about":[{"href":"https:\/\/www.myllymaenperuna.fi\/sv\/wp-json\/wp\/v2\/types\/page"}],"author":[{"embeddable":true,"href":"https:\/\/www.myllymaenperuna.fi\/sv\/wp-json\/wp\/v2\/users\/2"}],"replies":[{"embeddable":true,"href":"https:\/\/www.myllymaenperuna.fi\/sv\/wp-json\/wp\/v2\/comments?post=1241"}],"version-history":[{"count":12,"href":"https:\/\/www.myllymaenperuna.fi\/sv\/wp-json\/wp\/v2\/pages\/1241\/revisions"}],"predecessor-version":[{"id":3273,"href":"https:\/\/www.myllymaenperuna.fi\/sv\/wp-json\/wp\/v2\/pages\/1241\/revisions\/3273"}],"up":[{"embeddable":true,"href":"https:\/\/www.myllymaenperuna.fi\/sv\/wp-json\/wp\/v2\/pages\/855"}],"wp:attachment":[{"href":"https:\/\/www.myllymaenperuna.fi\/sv\/wp-json\/wp\/v2\/media?parent=1241"}],"curies":[{"name":"wp","href":"https:\/\/api.w.org\/{rel}","templated":true}]}}