{"id":855,"date":"2020-10-23T15:56:21","date_gmt":"2020-10-23T12:56:21","guid":{"rendered":"https:\/\/pottu.iwn.co\/yritys\/"},"modified":"2025-10-27T08:56:51","modified_gmt":"2025-10-27T06:56:51","slug":"yritys","status":"publish","type":"page","link":"https:\/\/www.myllymaenperuna.fi\/sv\/yritys\/","title":{"rendered":"F\u00f6retag"},"content":{"rendered":"\n<h1 class=\"wp-block-heading\">V\u00c5RT F\u00d6RETAG<\/h1>\n\n\n\n<p>Myllym\u00e4en Peruna (Myllym\u00e4en Potatis) \u00e4r en uts\u00e4despotatis f\u00f6retag , som tillverkar, marknader och s\u00e4ljer representerar Norika sorter i Finland. Myllym\u00e4en Peruna \u00e4r en finsk\u00e4gda familjef\u00f6retag . V\u00e5ra sorterna \u00e4r l\u00e4mpliga f\u00f6r odlingsf\u00f6rh\u00e5llanden i Finland tidig eller ganska tidig sorter. V\u00e5ra sorter produktivitet och sjukdomsresistens \u00e4r h\u00f6ga. Valet av sorter tar ocks\u00e5 h\u00e4nsyn till god smak och sorter k\u00f6ttet m\u00e5ste vara gul. V\u00e5rt m\u00e5l \u00e4r att f\u00f6rse kunderna med l\u00e4mpliga sorter, som \u00e4r av en kvalitet b\u00e4st. V\u00e5ra sorterna f\u00e5 h\u00f6g avkastning och goda resultat av prov Dagsmark och Jeppo \u00e5rligen.<\/p>\n\n\n\n<p>V\u00e5ra uts\u00e4despotatisuppf\u00f6dare \u00e4r Agrico (Nederl\u00e4nderna), Norika (Tyskland), Solana (Tyskland) och IPM Potato Group (Irland).<\/p>\n\n\n\n<figure class=\"wp-block-image size-full\"><img loading=\"lazy\" decoding=\"async\" width=\"391\" height=\"62\" src=\"https:\/\/www.myllymaenperuna.fi\/wp-content\/uploads\/2021\/09\/kuva-1.png\" alt=\"\" class=\"wp-image-2006\" srcset=\"https:\/\/www.myllymaenperuna.fi\/wp-content\/uploads\/2021\/09\/kuva-1.png 391w, https:\/\/www.myllymaenperuna.fi\/wp-content\/uploads\/2021\/09\/kuva-1-300x48.png 300w\" sizes=\"auto, (max-width: 391px) 100vw, 391px\" \/><\/figure>\n\n\n\n<p>Sorter processor:<\/p>\n\n\n\n<p>&nbsp;&nbsp; \u200b<a href=\"http:\\\\www.norika.de\"><\/a>\u200b<\/p>\n\n\n\n<figure class=\"wp-block-image size-full\"><img loading=\"lazy\" decoding=\"async\" width=\"350\" height=\"76\" src=\"https:\/\/www.myllymaenperuna.fi\/wp-content\/uploads\/2022\/01\/logo_norika_briefkopf_3.jpg\" alt=\"\" class=\"wp-image-2271\" srcset=\"https:\/\/www.myllymaenperuna.fi\/wp-content\/uploads\/2022\/01\/logo_norika_briefkopf_3.jpg 350w, https:\/\/www.myllymaenperuna.fi\/wp-content\/uploads\/2022\/01\/logo_norika_briefkopf_3-300x65.jpg 300w\" sizes=\"auto, (max-width: 350px) 100vw, 350px\" \/><\/figure>\n\n\n\n<figure class=\"wp-block-image size-full is-resized\"><img loading=\"lazy\" decoding=\"async\" width=\"394\" height=\"259\" src=\"https:\/\/www.myllymaenperuna.fi\/wp-content\/uploads\/2025\/09\/AGrico-pienempi-kuva-logo-2.png\" alt=\"\" class=\"wp-image-3769\" style=\"width:306px;height:auto\" srcset=\"https:\/\/www.myllymaenperuna.fi\/wp-content\/uploads\/2025\/09\/AGrico-pienempi-kuva-logo-2.png 394w, https:\/\/www.myllymaenperuna.fi\/wp-content\/uploads\/2025\/09\/AGrico-pienempi-kuva-logo-2-300x197.png 300w\" sizes=\"auto, (max-width: 394px) 100vw, 394px\" \/><\/figure>\n\n\n\n<figure class=\"wp-block-image size-full is-resized\"><img loading=\"lazy\" decoding=\"async\" width=\"343\" height=\"92\" src=\"https:\/\/www.myllymaenperuna.fi\/wp-content\/uploads\/2025\/10\/Outlook-Ein-Bild-1.jpg\" alt=\"\" class=\"wp-image-3813\" style=\"width:365px;height:auto\" srcset=\"https:\/\/www.myllymaenperuna.fi\/wp-content\/uploads\/2025\/10\/Outlook-Ein-Bild-1.jpg 343w, https:\/\/www.myllymaenperuna.fi\/wp-content\/uploads\/2025\/10\/Outlook-Ein-Bild-1-300x80.jpg 300w\" sizes=\"auto, (max-width: 343px) 100vw, 343px\" \/><\/figure>\n\n\n\n<figure class=\"wp-block-image size-full is-resized\"><img loading=\"lazy\" decoding=\"async\" width=\"695\" height=\"471\" src=\"https:\/\/www.myllymaenperuna.fi\/wp-content\/uploads\/2022\/01\/IPMpotato-logo-pienempi.png\" alt=\"\" class=\"wp-image-2266\" style=\"width:555px;height:auto\" srcset=\"https:\/\/www.myllymaenperuna.fi\/wp-content\/uploads\/2022\/01\/IPMpotato-logo-pienempi.png 695w, https:\/\/www.myllymaenperuna.fi\/wp-content\/uploads\/2022\/01\/IPMpotato-logo-pienempi-600x407.png 600w, https:\/\/www.myllymaenperuna.fi\/wp-content\/uploads\/2022\/01\/IPMpotato-logo-pienempi-300x203.png 300w\" sizes=\"auto, (max-width: 695px) 100vw, 695px\" \/><\/figure>\n","protected":false},"excerpt":{"rendered":"<p>V\u00c5RT F\u00d6RETAG Myllym\u00e4en Peruna (Myllym\u00e4en Potatis) \u00e4r en uts\u00e4despotatis f\u00f6retag , som tillverkar, marknader och s\u00e4ljer representerar Norika sorter i Finland. Myllym\u00e4en Peruna \u00e4r en finsk\u00e4gda familjef\u00f6retag . V\u00e5ra sorterna \u00e4r l\u00e4mpliga f\u00f6r odlingsf\u00f6rh\u00e5llanden i Finland tidig eller ganska tidig sorter. V\u00e5ra sorter produktivitet och sjukdomsresistens \u00e4r h\u00f6ga. Valet av sorter tar ocks\u00e5 h\u00e4nsyn till [&hellip;]<\/p>\n","protected":false},"author":2,"featured_media":0,"parent":0,"menu_order":0,"comment_status":"closed","ping_status":"closed","template":"","meta":{"_genesis_hide_title":false,"_genesis_hide_breadcrumbs":false,"_genesis_hide_singular_image":false,"_genesis_hide_footer_widgets":false,"_genesis_custom_body_class":"","_genesis_custom_post_class":"","_genesis_layout":"","footnotes":""},"class_list":{"0":"post-855","1":"page","2":"type-page","3":"status-publish","5":"entry"},"yoast_head":"<!-- This site is optimized with the Yoast SEO plugin v27.5 - https:\/\/yoast.com\/product\/yoast-seo-wordpress\/ -->\n<title>F\u00f6retag -<\/title>\n<meta name=\"robots\" content=\"index, follow, max-snippet:-1, max-image-preview:large, max-video-preview:-1\" \/>\n<link rel=\"canonical\" href=\"https:\/\/www.myllymaenperuna.fi\/sv\/yritys\/\" \/>\n<meta property=\"og:locale\" content=\"sv_SE\" \/>\n<meta property=\"og:type\" content=\"article\" \/>\n<meta property=\"og:title\" content=\"F\u00f6retag -\" \/>\n<meta property=\"og:description\" content=\"V\u00c5RT F\u00d6RETAG Myllym\u00e4en Peruna (Myllym\u00e4en Potatis) \u00e4r en uts\u00e4despotatis f\u00f6retag , som tillverkar, marknader och s\u00e4ljer representerar Norika sorter i Finland. Myllym\u00e4en Peruna \u00e4r en finsk\u00e4gda familjef\u00f6retag . V\u00e5ra sorterna \u00e4r l\u00e4mpliga f\u00f6r odlingsf\u00f6rh\u00e5llanden i Finland tidig eller ganska tidig sorter. V\u00e5ra sorter produktivitet och sjukdomsresistens \u00e4r h\u00f6ga. Valet av sorter tar ocks\u00e5 h\u00e4nsyn till [&hellip;]\" \/>\n<meta property=\"og:url\" content=\"https:\/\/www.myllymaenperuna.fi\/sv\/yritys\/\" \/>\n<meta property=\"article:modified_time\" content=\"2025-10-27T06:56:51+00:00\" \/>\n<meta property=\"og:image\" content=\"https:\/\/www.myllymaenperuna.fi\/wp-content\/uploads\/2021\/09\/kuva-1.png\" \/>\n\t<meta property=\"og:image:width\" content=\"391\" \/>\n\t<meta property=\"og:image:height\" content=\"62\" \/>\n\t<meta property=\"og:image:type\" content=\"image\/png\" \/>\n<meta name=\"twitter:card\" content=\"summary_large_image\" \/>\n<meta name=\"twitter:label1\" content=\"Ber\u00e4knad l\u00e4stid\" \/>\n\t<meta name=\"twitter:data1\" content=\"2 minuter\" \/>\n<script type=\"application\/ld+json\" class=\"yoast-schema-graph\">{\"@context\":\"https:\\\/\\\/schema.org\",\"@graph\":[{\"@type\":\"WebPage\",\"@id\":\"https:\\\/\\\/www.myllymaenperuna.fi\\\/sv\\\/yritys\\\/\",\"url\":\"https:\\\/\\\/www.myllymaenperuna.fi\\\/sv\\\/yritys\\\/\",\"name\":\"F\u00f6retag -\",\"isPartOf\":{\"@id\":\"https:\\\/\\\/www.myllymaenperuna.fi\\\/#website\"},\"primaryImageOfPage\":{\"@id\":\"https:\\\/\\\/www.myllymaenperuna.fi\\\/sv\\\/yritys\\\/#primaryimage\"},\"image\":{\"@id\":\"https:\\\/\\\/www.myllymaenperuna.fi\\\/sv\\\/yritys\\\/#primaryimage\"},\"thumbnailUrl\":\"https:\\\/\\\/www.myllymaenperuna.fi\\\/wp-content\\\/uploads\\\/2021\\\/09\\\/kuva-1.png\",\"datePublished\":\"2020-10-23T12:56:21+00:00\",\"dateModified\":\"2025-10-27T06:56:51+00:00\",\"breadcrumb\":{\"@id\":\"https:\\\/\\\/www.myllymaenperuna.fi\\\/sv\\\/yritys\\\/#breadcrumb\"},\"inLanguage\":\"sv-SE\",\"potentialAction\":[{\"@type\":\"ReadAction\",\"target\":[\"https:\\\/\\\/www.myllymaenperuna.fi\\\/sv\\\/yritys\\\/\"]}]},{\"@type\":\"ImageObject\",\"inLanguage\":\"sv-SE\",\"@id\":\"https:\\\/\\\/www.myllymaenperuna.fi\\\/sv\\\/yritys\\\/#primaryimage\",\"url\":\"https:\\\/\\\/www.myllymaenperuna.fi\\\/wp-content\\\/uploads\\\/2021\\\/09\\\/kuva-1.png\",\"contentUrl\":\"https:\\\/\\\/www.myllymaenperuna.fi\\\/wp-content\\\/uploads\\\/2021\\\/09\\\/kuva-1.png\"},{\"@type\":\"BreadcrumbList\",\"@id\":\"https:\\\/\\\/www.myllymaenperuna.fi\\\/sv\\\/yritys\\\/#breadcrumb\",\"itemListElement\":[{\"@type\":\"ListItem\",\"position\":1,\"name\":\"Etusivu\",\"item\":\"https:\\\/\\\/www.myllymaenperuna.fi\\\/sv\\\/utsadespotatis-nya-tillvaxt-potatis\\\/\"},{\"@type\":\"ListItem\",\"position\":2,\"name\":\"F\u00f6retag\"}]},{\"@type\":\"WebSite\",\"@id\":\"https:\\\/\\\/www.myllymaenperuna.fi\\\/#website\",\"url\":\"https:\\\/\\\/www.myllymaenperuna.fi\\\/\",\"name\":\"Myllym\u00e4en Peruna\",\"description\":\"\",\"publisher\":{\"@id\":\"https:\\\/\\\/www.myllymaenperuna.fi\\\/#organization\"},\"potentialAction\":[{\"@type\":\"SearchAction\",\"target\":{\"@type\":\"EntryPoint\",\"urlTemplate\":\"https:\\\/\\\/www.myllymaenperuna.fi\\\/?s={search_term_string}\"},\"query-input\":{\"@type\":\"PropertyValueSpecification\",\"valueRequired\":true,\"valueName\":\"search_term_string\"}}],\"inLanguage\":\"sv-SE\"},{\"@type\":\"Organization\",\"@id\":\"https:\\\/\\\/www.myllymaenperuna.fi\\\/#organization\",\"name\":\"Myllym\u00e4en Peruna Oy\",\"url\":\"https:\\\/\\\/www.myllymaenperuna.fi\\\/\",\"logo\":{\"@type\":\"ImageObject\",\"inLanguage\":\"sv-SE\",\"@id\":\"https:\\\/\\\/www.myllymaenperuna.fi\\\/#\\\/schema\\\/logo\\\/image\\\/\",\"url\":\"https:\\\/\\\/www.myllymaenperuna.fi\\\/wp-content\\\/uploads\\\/2020\\\/11\\\/cropped-12047055_1707372999492603_8916973196134046991_n.jpg\",\"contentUrl\":\"https:\\\/\\\/www.myllymaenperuna.fi\\\/wp-content\\\/uploads\\\/2020\\\/11\\\/cropped-12047055_1707372999492603_8916973196134046991_n.jpg\",\"width\":760,\"height\":700,\"caption\":\"Myllym\u00e4en Peruna Oy\"},\"image\":{\"@id\":\"https:\\\/\\\/www.myllymaenperuna.fi\\\/#\\\/schema\\\/logo\\\/image\\\/\"}}]}<\/script>\n<!-- \/ Yoast SEO plugin. -->","yoast_head_json":{"title":"F\u00f6retag -","robots":{"index":"index","follow":"follow","max-snippet":"max-snippet:-1","max-image-preview":"max-image-preview:large","max-video-preview":"max-video-preview:-1"},"canonical":"https:\/\/www.myllymaenperuna.fi\/sv\/yritys\/","og_locale":"sv_SE","og_type":"article","og_title":"F\u00f6retag -","og_description":"V\u00c5RT F\u00d6RETAG Myllym\u00e4en Peruna (Myllym\u00e4en Potatis) \u00e4r en uts\u00e4despotatis f\u00f6retag , som tillverkar, marknader och s\u00e4ljer representerar Norika sorter i Finland. Myllym\u00e4en Peruna \u00e4r en finsk\u00e4gda familjef\u00f6retag . V\u00e5ra sorterna \u00e4r l\u00e4mpliga f\u00f6r odlingsf\u00f6rh\u00e5llanden i Finland tidig eller ganska tidig sorter. V\u00e5ra sorter produktivitet och sjukdomsresistens \u00e4r h\u00f6ga. Valet av sorter tar ocks\u00e5 h\u00e4nsyn till [&hellip;]","og_url":"https:\/\/www.myllymaenperuna.fi\/sv\/yritys\/","article_modified_time":"2025-10-27T06:56:51+00:00","og_image":[{"width":391,"height":62,"url":"https:\/\/www.myllymaenperuna.fi\/wp-content\/uploads\/2021\/09\/kuva-1.png","type":"image\/png"}],"twitter_card":"summary_large_image","twitter_misc":{"Ber\u00e4knad l\u00e4stid":"2 minuter"},"schema":{"@context":"https:\/\/schema.org","@graph":[{"@type":"WebPage","@id":"https:\/\/www.myllymaenperuna.fi\/sv\/yritys\/","url":"https:\/\/www.myllymaenperuna.fi\/sv\/yritys\/","name":"F\u00f6retag -","isPartOf":{"@id":"https:\/\/www.myllymaenperuna.fi\/#website"},"primaryImageOfPage":{"@id":"https:\/\/www.myllymaenperuna.fi\/sv\/yritys\/#primaryimage"},"image":{"@id":"https:\/\/www.myllymaenperuna.fi\/sv\/yritys\/#primaryimage"},"thumbnailUrl":"https:\/\/www.myllymaenperuna.fi\/wp-content\/uploads\/2021\/09\/kuva-1.png","datePublished":"2020-10-23T12:56:21+00:00","dateModified":"2025-10-27T06:56:51+00:00","breadcrumb":{"@id":"https:\/\/www.myllymaenperuna.fi\/sv\/yritys\/#breadcrumb"},"inLanguage":"sv-SE","potentialAction":[{"@type":"ReadAction","target":["https:\/\/www.myllymaenperuna.fi\/sv\/yritys\/"]}]},{"@type":"ImageObject","inLanguage":"sv-SE","@id":"https:\/\/www.myllymaenperuna.fi\/sv\/yritys\/#primaryimage","url":"https:\/\/www.myllymaenperuna.fi\/wp-content\/uploads\/2021\/09\/kuva-1.png","contentUrl":"https:\/\/www.myllymaenperuna.fi\/wp-content\/uploads\/2021\/09\/kuva-1.png"},{"@type":"BreadcrumbList","@id":"https:\/\/www.myllymaenperuna.fi\/sv\/yritys\/#breadcrumb","itemListElement":[{"@type":"ListItem","position":1,"name":"Etusivu","item":"https:\/\/www.myllymaenperuna.fi\/sv\/utsadespotatis-nya-tillvaxt-potatis\/"},{"@type":"ListItem","position":2,"name":"F\u00f6retag"}]},{"@type":"WebSite","@id":"https:\/\/www.myllymaenperuna.fi\/#website","url":"https:\/\/www.myllymaenperuna.fi\/","name":"Myllym\u00e4en Peruna","description":"","publisher":{"@id":"https:\/\/www.myllymaenperuna.fi\/#organization"},"potentialAction":[{"@type":"SearchAction","target":{"@type":"EntryPoint","urlTemplate":"https:\/\/www.myllymaenperuna.fi\/?s={search_term_string}"},"query-input":{"@type":"PropertyValueSpecification","valueRequired":true,"valueName":"search_term_string"}}],"inLanguage":"sv-SE"},{"@type":"Organization","@id":"https:\/\/www.myllymaenperuna.fi\/#organization","name":"Myllym\u00e4en Peruna Oy","url":"https:\/\/www.myllymaenperuna.fi\/","logo":{"@type":"ImageObject","inLanguage":"sv-SE","@id":"https:\/\/www.myllymaenperuna.fi\/#\/schema\/logo\/image\/","url":"https:\/\/www.myllymaenperuna.fi\/wp-content\/uploads\/2020\/11\/cropped-12047055_1707372999492603_8916973196134046991_n.jpg","contentUrl":"https:\/\/www.myllymaenperuna.fi\/wp-content\/uploads\/2020\/11\/cropped-12047055_1707372999492603_8916973196134046991_n.jpg","width":760,"height":700,"caption":"Myllym\u00e4en Peruna Oy"},"image":{"@id":"https:\/\/www.myllymaenperuna.fi\/#\/schema\/logo\/image\/"}}]}},"featured_image_src":null,"featured_image_src_square":null,"_links":{"self":[{"href":"https:\/\/www.myllymaenperuna.fi\/sv\/wp-json\/wp\/v2\/pages\/855","targetHints":{"allow":["GET"]}}],"collection":[{"href":"https:\/\/www.myllymaenperuna.fi\/sv\/wp-json\/wp\/v2\/pages"}],"about":[{"href":"https:\/\/www.myllymaenperuna.fi\/sv\/wp-json\/wp\/v2\/types\/page"}],"author":[{"embeddable":true,"href":"https:\/\/www.myllymaenperuna.fi\/sv\/wp-json\/wp\/v2\/users\/2"}],"replies":[{"embeddable":true,"href":"https:\/\/www.myllymaenperuna.fi\/sv\/wp-json\/wp\/v2\/comments?post=855"}],"version-history":[{"count":7,"href":"https:\/\/www.myllymaenperuna.fi\/sv\/wp-json\/wp\/v2\/pages\/855\/revisions"}],"predecessor-version":[{"id":3818,"href":"https:\/\/www.myllymaenperuna.fi\/sv\/wp-json\/wp\/v2\/pages\/855\/revisions\/3818"}],"wp:attachment":[{"href":"https:\/\/www.myllymaenperuna.fi\/sv\/wp-json\/wp\/v2\/media?parent=855"}],"curies":[{"name":"wp","href":"https:\/\/api.w.org\/{rel}","templated":true}]}}